{"id":812,"date":"2019-01-10T17:32:56","date_gmt":"2019-01-10T17:32:56","guid":{"rendered":"https:\/\/torredorio.es\/?page_id=812"},"modified":"2024-10-27T12:51:04","modified_gmt":"2024-10-27T10:51:04","slug":"hiking","status":"publish","type":"page","link":"https:\/\/torredorio.es\/en\/senderismo\/","title":{"rendered":"Hiking"},"content":{"rendered":"<div id='full_slider_1'  class='avia-fullwidth-slider main_color avia-shadow   avia-builder-el-0  el_before_av_one_half  avia-builder-el-first   container_wrap sidebar_right'  ><div  class='avia-slideshow av-3ql48k-862504cffb8fdda3befc8cd81763fa46 avia-slideshow-entry_without_sidebar av_slideshow_full avia-slide-slider av-slideshow-ui av-control-default av-slideshow-manual av-loop-once av-loop-manual-endless av-default-height-applied   avia-slideshow-1' data-slideshow-options=\"{&quot;animation&quot;:&quot;slide&quot;,&quot;autoplay&quot;:false,&quot;loop_autoplay&quot;:&quot;once&quot;,&quot;interval&quot;:5,&quot;loop_manual&quot;:&quot;manual-endless&quot;,&quot;autoplay_stopper&quot;:false,&quot;noNavigation&quot;:false,&quot;bg_slider&quot;:false,&quot;keep_padding&quot;:false,&quot;hoverpause&quot;:false,&quot;show_slide_delay&quot;:0}\"  itemprop=\"image\" itemscope=\"itemscope\" itemtype=\"https:\/\/schema.org\/ImageObject\" ><ul class='avia-slideshow-inner' style='padding-bottom: 34.95867768595%;'><li  class='avia-slideshow-slide av-3ql48k-862504cffb8fdda3befc8cd81763fa46__0  av-single-slide slide-1 slide-odd'><div data-rel='slideshow-1' class='avia-slide-wrap'   ><img decoding=\"async\" class=\"wp-image-813 avia-img-lazy-loading-not-813\"  src=\"https:\/\/torredorio.es\/wp-content\/uploads\/2019\/01\/senderismo-1210x423.jpg\" width=\"1210\" height=\"423\" title='hiking' alt=''  itemprop=\"thumbnailUrl\"   \/><\/div><\/li><\/ul><\/div><\/div><div id='after_full_slider_1'  class='main_color av_default_container_wrap container_wrap sidebar_right'  ><div class='container av-section-cont-open' ><div class='template-page content  av-content-small alpha units'><div class='post-entry post-entry-type-page post-entry-812'><div class='entry-content-wrapper clearfix'>\n<div class='flex_column av-3frwnw-53db55f3c9de80ebd85d33f30fa13ab4 av_one_half  avia-builder-el-1  el_after_av_slideshow_full  el_before_av_one_half  avia-builder-el-first  first flex_column_div'     ><p>\n<style type=\"text\/css\" data-created_by=\"avia_inline_auto\" id=\"style-css-av-3aiwng-d7aea592871836e562e34f5f0d638178\">\n#top .av-special-heading.av-3aiwng-d7aea592871836e562e34f5f0d638178{\npadding-bottom:10px;\n}\nbody .av-special-heading.av-3aiwng-d7aea592871836e562e34f5f0d638178 .av-special-heading-tag .heading-char{\nfont-size:25px;\n}\n.av-special-heading.av-3aiwng-d7aea592871836e562e34f5f0d638178 .av-subheading{\nfont-size:15px;\n}\n<\/style>\n<div  class='av-special-heading av-3aiwng-d7aea592871836e562e34f5f0d638178 av-special-heading-h3 blockquote modern-quote  avia-builder-el-2  el_before_av_textblock  avia-builder-el-first'><h3 class='av-special-heading-tag'  itemprop=\"headline\"  >Caldas de Reis Fervenza de Caldas de Reis ROUTE<\/h3><div class='av-subheading av-subheading_below'><p>A few metres from Torre do R\u00edo.<\/p>\n<\/div><div class=\"special-heading-border\"><div class=\"special-heading-inner-border\"><\/div><\/div><\/div><br \/>\n<section  class='av_textblock_section av-342v98-4697fb33931271e1c0f67b6ca869fefe'  itemscope=\"itemscope\" itemtype=\"https:\/\/schema.org\/CreativeWork\" ><div class='avia_textblock'  itemprop=\"text\" ><p>Length of the route: <strong>9 Kms<\/strong>.<\/p>\n<p>Duration: <strong>Approx. 2 hours<\/strong>.<\/p>\n<p>Difficulty: <strong>Baja<\/strong><\/p>\n<p>A few kilometres from Caldas de Reis, in the direction of A Estrada, is a beautiful spot where the majestic Umia river cascades into waterfalls and spectacular pools. The ruins of a light factory right next to the waterfall, as well as the numerous mills along this small stretch of the river, bear witness to the powerful waters of this river.<\/p>\n<\/div><\/section><\/p><\/div>\n<div class='flex_column av-2xhd3o-19fec89d96264af9442541de1498ea26 av_one_half  avia-builder-el-4  el_after_av_one_half  el_before_av_one_half  flex_column_div'     ><style type=\"text\/css\" data-created_by=\"avia_inline_auto\" id=\"style-css-av-2rpke4-e5ad2c0653518432a9390a90468234d6\">\n.avia-image-container.av-2rpke4-e5ad2c0653518432a9390a90468234d6 img.avia_image{\nbox-shadow:none;\n}\n.avia-image-container.av-2rpke4-e5ad2c0653518432a9390a90468234d6 .av-image-caption-overlay-center{\ncolor:#ffffff;\n}\n<\/style>\n<div  class='avia-image-container av-2rpke4-e5ad2c0653518432a9390a90468234d6 av-styling- avia-align-center  avia-builder-el-5  avia-builder-el-no-sibling'   itemprop=\"image\" itemscope=\"itemscope\" itemtype=\"https:\/\/schema.org\/ImageObject\" ><div class=\"avia-image-container-inner\"><div class=\"avia-image-overlay-wrap\"><img decoding=\"async\" class='wp-image-843 avia-img-lazy-loading-not-843 avia_image' src=\"https:\/\/torredorio.es\/wp-content\/uploads\/2019\/01\/RUTA-Fervenza-de-Caldas-de-Reis.jpg\" alt='Rural House in Pontevedra with Swimming Pool' title='Rural House in Pontevedra with Swimming Pool'  height=\"768\" width=\"1024\"  itemprop=\"thumbnailUrl\" srcset=\"https:\/\/torredorio.es\/wp-content\/uploads\/2019\/01\/RUTA-Fervenza-de-Caldas-de-Reis.jpg 1024w, https:\/\/torredorio.es\/wp-content\/uploads\/2019\/01\/RUTA-Fervenza-de-Caldas-de-Reis-300x225.jpg 300w, https:\/\/torredorio.es\/wp-content\/uploads\/2019\/01\/RUTA-Fervenza-de-Caldas-de-Reis-768x576.jpg 768w, https:\/\/torredorio.es\/wp-content\/uploads\/2019\/01\/RUTA-Fervenza-de-Caldas-de-Reis-705x529.jpg 705w, https:\/\/torredorio.es\/wp-content\/uploads\/2019\/01\/RUTA-Fervenza-de-Caldas-de-Reis-450x338.jpg 450w\" sizes=\"(max-width: 1024px) 100vw, 1024px\" \/><\/div><\/div><\/div><\/div><div class='flex_column av-2j98dg-97c8fcaa6c96fd29391c3530ed64e915 av_one_half  avia-builder-el-6  el_after_av_one_half  el_before_av_one_half  first flex_column_div column-top-margin'     ><p>\n<style type=\"text\/css\" data-created_by=\"avia_inline_auto\" id=\"style-css-av-2gzc2k-bd6aa7459a1d3506e3bd85738bd8c5a5\">\n#top .av-special-heading.av-2gzc2k-bd6aa7459a1d3506e3bd85738bd8c5a5{\npadding-bottom:10px;\n}\nbody .av-special-heading.av-2gzc2k-bd6aa7459a1d3506e3bd85738bd8c5a5 .av-special-heading-tag .heading-char{\nfont-size:25px;\n}\n.av-special-heading.av-2gzc2k-bd6aa7459a1d3506e3bd85738bd8c5a5 .av-subheading{\nfont-size:15px;\n}\n<\/style>\n<div  class='av-special-heading av-2gzc2k-bd6aa7459a1d3506e3bd85738bd8c5a5 av-special-heading-h3 blockquote modern-quote  avia-builder-el-7  el_before_av_textblock  avia-builder-el-first'><h3 class='av-special-heading-tag'  itemprop=\"headline\"  >Sendeiro da Auga ROUTE<\/h3><div class='av-subheading av-subheading_below'><p>5 minutes drive from Torre do Rio.<\/p>\n<\/div><div class=\"special-heading-border\"><div class=\"special-heading-inner-border\"><\/div><\/div><\/div><br \/>\n<section  class='av_textblock_section av-2b5itw-0c7bb85ecb77bd704fa97e1381de588c'  itemscope=\"itemscope\" itemtype=\"https:\/\/schema.org\/CreativeWork\" ><div class='avia_textblock'  itemprop=\"text\" ><p>Length of the route: <strong>5,1 Kms<\/strong>.<\/p>\n<p>Departure \/ Arrival point:<strong> Caldas de Reis \/ Caldas de Reis<\/strong><\/p>\n<p>Route: <strong>Caldas de Reis, Segade, Cuntis<\/strong><\/p>\n<p>Difficulty: <strong>Baja<\/strong><\/p>\n<p>It is located in Caldas de Reis and runs along paths and tracks parallel to the Umia River. Along the route we will have the opportunity to cross an old bridge and a bridge of Roman origin; enjoy the spectacle of the water breaking in vertical and vertiginous falls or walk along old millers' itineraries.<\/p>\n<p>A beautiful trail for the delight of the senses.<\/p>\n<\/div><\/section><\/p><\/div><\/p>\n<div class='flex_column av-22ydtw-4c753717ec2398901e1b3c5c46366298 av_one_half  avia-builder-el-9  el_after_av_one_half  el_before_av_one_half  flex_column_div column-top-margin'     ><style type=\"text\/css\" data-created_by=\"avia_inline_auto\" id=\"style-css-av-1xb5h0-3159435be4de73dba47afdcf4e9c47a1\">\n.avia-image-container.av-1xb5h0-3159435be4de73dba47afdcf4e9c47a1 img.avia_image{\nbox-shadow:none;\n}\n.avia-image-container.av-1xb5h0-3159435be4de73dba47afdcf4e9c47a1 .av-image-caption-overlay-center{\ncolor:#ffffff;\n}\n<\/style>\n<div  class='avia-image-container av-1xb5h0-3159435be4de73dba47afdcf4e9c47a1 av-styling- avia-align-center  avia-builder-el-10  avia-builder-el-no-sibling'   itemprop=\"image\" itemscope=\"itemscope\" itemtype=\"https:\/\/schema.org\/ImageObject\" ><div class=\"avia-image-container-inner\"><div class=\"avia-image-overlay-wrap\"><img decoding=\"async\" class='wp-image-844 avia-img-lazy-loading-not-844 avia_image' src=\"https:\/\/torredorio.es\/wp-content\/uploads\/2019\/01\/Ruta-Sendeiro-da-Auga.jpg\" alt='' title='Route-Sendeiro-da-Auga'  height=\"768\" width=\"1024\"  itemprop=\"thumbnailUrl\" srcset=\"https:\/\/torredorio.es\/wp-content\/uploads\/2019\/01\/Ruta-Sendeiro-da-Auga.jpg 1024w, https:\/\/torredorio.es\/wp-content\/uploads\/2019\/01\/Ruta-Sendeiro-da-Auga-300x225.jpg 300w, https:\/\/torredorio.es\/wp-content\/uploads\/2019\/01\/Ruta-Sendeiro-da-Auga-768x576.jpg 768w, https:\/\/torredorio.es\/wp-content\/uploads\/2019\/01\/Ruta-Sendeiro-da-Auga-705x529.jpg 705w, https:\/\/torredorio.es\/wp-content\/uploads\/2019\/01\/Ruta-Sendeiro-da-Auga-450x338.jpg 450w\" sizes=\"(max-width: 1024px) 100vw, 1024px\" \/><\/div><\/div><\/div><\/div>\n<div class='flex_column av-1ojozo-e4ab299f814e281aacbe135a9816d1b0 av_one_half  avia-builder-el-11  el_after_av_one_half  el_before_av_one_half  first flex_column_div column-top-margin'     ><p>\n<style type=\"text\/css\" data-created_by=\"avia_inline_auto\" id=\"style-css-av-1iidos-fe29497e057eab0c82741ea00df61994\">\n#top .av-special-heading.av-1iidos-fe29497e057eab0c82741ea00df61994{\npadding-bottom:10px;\n}\nbody .av-special-heading.av-1iidos-fe29497e057eab0c82741ea00df61994 .av-special-heading-tag .heading-char{\nfont-size:25px;\n}\n.av-special-heading.av-1iidos-fe29497e057eab0c82741ea00df61994 .av-subheading{\nfont-size:15px;\n}\n<\/style>\n<div  class='av-special-heading av-1iidos-fe29497e057eab0c82741ea00df61994 av-special-heading-h3 blockquote modern-quote  avia-builder-el-12  el_before_av_textblock  avia-builder-el-first'><h3 class='av-special-heading-tag'  itemprop=\"headline\"  >Castrogud\u00edn-Fontefr\u00eda ROUTE<\/h3><div class='av-subheading av-subheading_below'><p>10 minutes drive from Torre do Rio.<\/p>\n<\/div><div class=\"special-heading-border\"><div class=\"special-heading-inner-border\"><\/div><\/div><\/div><br \/>\n<section  class='av_textblock_section av-1chte4-37298e5f8da79271746e74ea8bd1aa7b'  itemscope=\"itemscope\" itemtype=\"https:\/\/schema.org\/CreativeWork\" ><div class='avia_textblock'  itemprop=\"text\" ><p>Length of the route: <strong>4 Kms<\/strong>.<\/p>\n<p>Starting point: <strong>Castrogud\u00edn<\/strong><\/p>\n<p>Arrival point: <strong>Fontefria<\/strong>.<\/p>\n<p>Difficulty: <strong>Media<\/strong>.<\/p>\n<p>Approximate duration: <strong>45 minutes<\/strong><\/p>\n<p>The route, whose starting point is Vilagarc\u00eda, can be done along two different paths: the one that goes to Armada and Fontefr\u00eda and where we soon come across the Castrogud\u00edn reservoir. The second option is the one that borders the reservoir and from which you can see Cotelo de Xan do Corno and its megalithic burial sites. Both are approximately 4 km long and of medium difficulty.<\/p>\n<\/div><\/section><\/p><\/div>\n<div class='flex_column av-g1sc-89e2e6f85e1f4d442f6f34e624d308dd av_one_half  avia-builder-el-14  el_after_av_one_half  el_before_av_one_half  flex_column_div column-top-margin'     ><style type=\"text\/css\" data-created_by=\"avia_inline_auto\" id=\"style-css-av-14pdpo-e08698d9d334e4c904ae05c119665f9d\">\n.avia-image-container.av-14pdpo-e08698d9d334e4c904ae05c119665f9d img.avia_image{\nbox-shadow:none;\n}\n.avia-image-container.av-14pdpo-e08698d9d334e4c904ae05c119665f9d .av-image-caption-overlay-center{\ncolor:#ffffff;\n}\n<\/style>\n<div  class='avia-image-container av-14pdpo-e08698d9d334e4c904ae05c119665f9d av-styling- avia-align-center  avia-builder-el-15  avia-builder-el-no-sibling'   itemprop=\"image\" itemscope=\"itemscope\" itemtype=\"https:\/\/schema.org\/ImageObject\" ><div class=\"avia-image-container-inner\"><div class=\"avia-image-overlay-wrap\"><img decoding=\"async\" class='wp-image-8185 avia-img-lazy-loading-not-8185 avia_image' src=\"https:\/\/torredorio.es\/wp-content\/uploads\/piscina-torre-do-rio-14.jpg\" alt='Torre do R\u00edo Swimming Pool' title='Torre do R\u00edo Swimming Pool'  height=\"1280\" width=\"1920\"  itemprop=\"thumbnailUrl\" srcset=\"https:\/\/torredorio.es\/wp-content\/uploads\/piscina-torre-do-rio-14.jpg 1920w, https:\/\/torredorio.es\/wp-content\/uploads\/piscina-torre-do-rio-14-300x200.jpg 300w, https:\/\/torredorio.es\/wp-content\/uploads\/piscina-torre-do-rio-14-1030x687.jpg 1030w, https:\/\/torredorio.es\/wp-content\/uploads\/piscina-torre-do-rio-14-768x512.jpg 768w, https:\/\/torredorio.es\/wp-content\/uploads\/piscina-torre-do-rio-14-1536x1024.jpg 1536w, https:\/\/torredorio.es\/wp-content\/uploads\/piscina-torre-do-rio-14-18x12.jpg 18w, https:\/\/torredorio.es\/wp-content\/uploads\/piscina-torre-do-rio-14-1500x1000.jpg 1500w, https:\/\/torredorio.es\/wp-content\/uploads\/piscina-torre-do-rio-14-705x470.jpg 705w\" sizes=\"(max-width: 1920px) 100vw, 1920px\" \/><\/div><\/div><\/div><\/div><div class='flex_column av-urizw-04222673a8421427ece80c361224e415 av_one_half  avia-builder-el-16  el_after_av_one_half  el_before_av_one_half  first flex_column_div column-top-margin'     ><p>\n<style type=\"text\/css\" data-created_by=\"avia_inline_auto\" id=\"style-css-av-roqkk-ae35491a4a9aec7f639c9f4986ce9786\">\n#top .av-special-heading.av-roqkk-ae35491a4a9aec7f639c9f4986ce9786{\npadding-bottom:10px;\n}\nbody .av-special-heading.av-roqkk-ae35491a4a9aec7f639c9f4986ce9786 .av-special-heading-tag .heading-char{\nfont-size:25px;\n}\n.av-special-heading.av-roqkk-ae35491a4a9aec7f639c9f4986ce9786 .av-subheading{\nfont-size:15px;\n}\n<\/style>\n<div  class='av-special-heading av-roqkk-ae35491a4a9aec7f639c9f4986ce9786 av-special-heading-h3 blockquote modern-quote  avia-builder-el-17  el_before_av_textblock  avia-builder-el-first'><h3 class='av-special-heading-tag'  itemprop=\"headline\"  >ROUTE of the Pedra e da Auga<\/h3><div class='av-subheading av-subheading_below'><p>15 minutes drive from Torre do Rio.<\/p>\n<\/div><div class=\"special-heading-border\"><div class=\"special-heading-inner-border\"><\/div><\/div><\/div><br \/>\n<section  class='av_textblock_section av-kg2b8-b1c9e44c63c9cc13c483bb8680a141ae'  itemscope=\"itemscope\" itemtype=\"https:\/\/schema.org\/CreativeWork\" ><div class='avia_textblock'  itemprop=\"text\" ><p>Length of the route:\u00a0<strong>8,38 Kms<\/strong>.<\/p>\n<p>Altitude: <strong>from 5 metres to 275 metres<\/strong><\/p>\n<p>Degree of difficulty:\u00a0<strong>Easy<\/strong><\/p>\n<p>This route runs through the municipalities of Ribadumia and Meis. It starts at the monastery of Armenteira and ends at the roundabout of Los Casta\u00f1os, in Barrantes, following the course of the Armenteira river, offering breathtaking landscapes and some forty kilometres of <strong>WATER MILLS<\/strong> on the route that takes advantage of the natural course of the rivers that run through the interior of O Saln\u00e9s.<\/p>\n<\/div><\/section><\/p><\/div><\/p>\n<div class='flex_column av-fd67g-d25071abf498c256a509cdecb7dbec4b av_one_half  avia-builder-el-19  el_after_av_one_half  avia-builder-el-last  flex_column_div column-top-margin'     ><style type=\"text\/css\" data-created_by=\"avia_inline_auto\" id=\"style-css-av-buqic-1b996f99c2fa545551fa90be8831cb2a\">\n.avia-image-container.av-buqic-1b996f99c2fa545551fa90be8831cb2a img.avia_image{\nbox-shadow:none;\n}\n.avia-image-container.av-buqic-1b996f99c2fa545551fa90be8831cb2a .av-image-caption-overlay-center{\ncolor:#ffffff;\n}\n<\/style>\n<div  class='avia-image-container av-buqic-1b996f99c2fa545551fa90be8831cb2a av-styling- avia-align-center  avia-builder-el-20  avia-builder-el-no-sibling'   itemprop=\"image\" itemscope=\"itemscope\" itemtype=\"https:\/\/schema.org\/ImageObject\" ><div class=\"avia-image-container-inner\"><div class=\"avia-image-overlay-wrap\"><img decoding=\"async\" class='wp-image-847 avia-img-lazy-loading-not-847 avia_image' src=\"https:\/\/torredorio.es\/wp-content\/uploads\/2019\/01\/Ruta-da-pedra-e-da-auga.jpg\" alt='' title='Ruta-da-pedra-e-da-auga'  height=\"576\" width=\"1024\"  itemprop=\"thumbnailUrl\" srcset=\"https:\/\/torredorio.es\/wp-content\/uploads\/2019\/01\/Ruta-da-pedra-e-da-auga.jpg 1024w, https:\/\/torredorio.es\/wp-content\/uploads\/2019\/01\/Ruta-da-pedra-e-da-auga-300x169.jpg 300w, https:\/\/torredorio.es\/wp-content\/uploads\/2019\/01\/Ruta-da-pedra-e-da-auga-768x432.jpg 768w, https:\/\/torredorio.es\/wp-content\/uploads\/2019\/01\/Ruta-da-pedra-e-da-auga-705x397.jpg 705w, https:\/\/torredorio.es\/wp-content\/uploads\/2019\/01\/Ruta-da-pedra-e-da-auga-450x253.jpg 450w\" sizes=\"(max-width: 1024px) 100vw, 1024px\" \/><\/div><\/div><\/div><\/div>","protected":false},"excerpt":{"rendered":"","protected":false},"author":6,"featured_media":0,"parent":0,"menu_order":0,"comment_status":"closed","ping_status":"closed","template":"","meta":{"footnotes":""},"class_list":["post-812","page","type-page","status-publish","hentry"],"_links":{"self":[{"href":"https:\/\/torredorio.es\/en\/wp-json\/wp\/v2\/pages\/812","targetHints":{"allow":["GET"]}}],"collection":[{"href":"https:\/\/torredorio.es\/en\/wp-json\/wp\/v2\/pages"}],"about":[{"href":"https:\/\/torredorio.es\/en\/wp-json\/wp\/v2\/types\/page"}],"author":[{"embeddable":true,"href":"https:\/\/torredorio.es\/en\/wp-json\/wp\/v2\/users\/6"}],"replies":[{"embeddable":true,"href":"https:\/\/torredorio.es\/en\/wp-json\/wp\/v2\/comments?post=812"}],"version-history":[{"count":13,"href":"https:\/\/torredorio.es\/en\/wp-json\/wp\/v2\/pages\/812\/revisions"}],"predecessor-version":[{"id":8342,"href":"https:\/\/torredorio.es\/en\/wp-json\/wp\/v2\/pages\/812\/revisions\/8342"}],"wp:attachment":[{"href":"https:\/\/torredorio.es\/en\/wp-json\/wp\/v2\/media?parent=812"}],"curies":[{"name":"wp","href":"https:\/\/api.w.org\/{rel}","templated":true}]}}